{"id":18,"date":"2013-05-28T16:59:10","date_gmt":"2013-05-28T16:59:10","guid":{"rendered":"http:\/\/www.cortealaserbh.com.br\/site\/?page_id=18"},"modified":"2013-07-31T13:43:32","modified_gmt":"2013-07-31T13:43:32","slug":"servicos","status":"publish","type":"page","link":"http:\/\/www.cortealaserbh.com.br\/index.php\/servicos\/","title":{"rendered":"Servi\u00e7os"},"content":{"rendered":"<h3><span style=\"color: #b20412;\">M\u00e1quina de \u00faltima gera\u00e7\u00e3o com \u00e1rea de corte de 2500x1500mm<\/span><\/h3>\n<p><span style=\"color: #333333;\">\u2022 Cortamos acr\u00edlicos at\u00e9 20mm<\/span><\/p>\n<p><span style=\"color: #333333;\">\u2022 MDF at\u00e9 15mm<\/span><\/p>\n<p>&nbsp;<\/p>\n<h3><span style=\"color: #c6393e;\">CORTE A LASER\u00a0<\/span><\/h3>\n<p>O Corte a Laser agrega um enorme valor ao produto final por ser executado com rapidez, precis\u00e3o, qualidade e excelente acabamento, sem deixar rebarbas nas bordas.<\/p>\n<p>&nbsp;<\/p>\n<table width=\"100%\" border=\"0\" cellspacing=\"5\" cellpadding=\"5\">\n<tbody>\n<tr>\n<td>\u2022 Acr\u00edlico<br \/>\n\u2022 Madeiras tipo MDF<\/p>\n<p>\u2022 Madeira Balsa<\/p>\n<p>\u2022 Compensado<\/p>\n<p>\u2022 Laminados para Marchetaria<\/p>\n<p>\u2022 F\u00f3rmica<\/td>\n<td>\u2022 Couro<\/p>\n<p>\u2022 Tecidos Naturais ou Sint\u00e9ticos<\/p>\n<p>\u2022 Papel<\/p>\n<p>\u2022 Papel\u00e3o<\/p>\n<p>\u2022 EVA<\/p>\n<p>\u2022 Corti\u00e7a<\/p>\n<p><strong><br \/>\n<\/strong><\/td>\n<\/tr>\n<\/tbody>\n<\/table>\n<p>&nbsp;<\/p>\n<h3><span style=\"color: #c6393e;\">GRAVA\u00c7\u00c3O A LASER<\/span><\/h3>\n<p>Personaliza\u00e7\u00e3o de brindes com a grava\u00e7\u00e3o de logomarcas e textos. A grava\u00e7\u00e3o \u00e0 laser se destaca pelo fato de n\u00e3o descascar ou apagar com solventes ou pelo uso di\u00e1rio, agregando assim um alevado valor \u00e0 sua marca.<\/p>\n<table width=\"100%\" border=\"0\" cellspacing=\"5\" cellpadding=\"5\">\n<tbody>\n<tr>\n<td>\u2022 A\u00e7o inox<\/p>\n<p>\u2022 Alum\u00ednio anodizado<\/p>\n<p>\u2022 Acr\u00edlico<\/p>\n<p>\u2022 Borracha<\/p>\n<p>\u2022 Couro<\/p>\n<p>&nbsp;<\/td>\n<td>\u2022 Madeira<\/p>\n<p>\u2022 Tecidos<\/p>\n<p>\u2022 Papel<\/p>\n<p>\u2022 Vidro<\/p>\n<p>\u2022 Cer\u00e2mica<\/td>\n<\/tr>\n<\/tbody>\n<\/table>\n<p>&nbsp;<\/p>\n","protected":false},"excerpt":{"rendered":"<p>M\u00e1quina de \u00faltima gera\u00e7\u00e3o com \u00e1rea de corte de 2500x1500mm \u2022 Cortamos acr\u00edlicos at\u00e9 20mm \u2022 MDF at\u00e9 15mm &nbsp; CORTE A LASER\u00a0 O Corte a Laser agrega um enorme valor ao produto final por ser executado com rapidez, precis\u00e3o, qualidade e excelente acabamento, sem deixar rebarbas nas bordas. &nbsp; \u2022 Acr\u00edlico \u2022 Madeiras tipo [&hellip;]<\/p>\n","protected":false},"author":1,"featured_media":0,"parent":0,"menu_order":2,"comment_status":"open","ping_status":"open","template":"template-fullwidth.php","meta":{"footnotes":""},"class_list":["post-18","page","type-page","status-publish","hentry"],"_links":{"self":[{"href":"http:\/\/www.cortealaserbh.com.br\/index.php\/wp-json\/wp\/v2\/pages\/18","targetHints":{"allow":["GET"]}}],"collection":[{"href":"http:\/\/www.cortealaserbh.com.br\/index.php\/wp-json\/wp\/v2\/pages"}],"about":[{"href":"http:\/\/www.cortealaserbh.com.br\/index.php\/wp-json\/wp\/v2\/types\/page"}],"author":[{"embeddable":true,"href":"http:\/\/www.cortealaserbh.com.br\/index.php\/wp-json\/wp\/v2\/users\/1"}],"replies":[{"embeddable":true,"href":"http:\/\/www.cortealaserbh.com.br\/index.php\/wp-json\/wp\/v2\/comments?post=18"}],"version-history":[{"count":17,"href":"http:\/\/www.cortealaserbh.com.br\/index.php\/wp-json\/wp\/v2\/pages\/18\/revisions"}],"predecessor-version":[{"id":20,"href":"http:\/\/www.cortealaserbh.com.br\/index.php\/wp-json\/wp\/v2\/pages\/18\/revisions\/20"}],"wp:attachment":[{"href":"http:\/\/www.cortealaserbh.com.br\/index.php\/wp-json\/wp\/v2\/media?parent=18"}],"curies":[{"name":"wp","href":"https:\/\/api.w.org\/{rel}","templated":true}]}}